{"id":43472,"date":"2025-08-26T13:27:09","date_gmt":"2025-08-26T13:27:09","guid":{"rendered":"https:\/\/www.wopg.org\/qui-est-prem-rawat\/"},"modified":"2025-09-26T15:01:32","modified_gmt":"2025-09-26T15:01:32","slug":"qui-est-prem-rawat","status":"publish","type":"page","link":"https:\/\/www.wopg.org\/fr\/qui-est-prem-rawat\/","title":{"rendered":"Qui est Prem Rawat"},"content":{"rendered":"<p>[et_pb_section fb_built=\u00a0\u00bb1&Prime; _builder_version=\u00a0\u00bb4.27.0&Prime; _module_preset=\u00a0\u00bbdefault\u00a0\u00bb custom_padding=\u00a0\u00bb0px||||false|false\u00a0\u00bb global_colors_info=\u00a0\u00bb{}\u00a0\u00bb][et_pb_row _builder_version=\u00a0\u00bb4.27.0&Prime; _module_preset=\u00a0\u00bbdefault\u00a0\u00bb width=\u00a0\u00bb100%\u00a0\u00bb global_colors_info=\u00a0\u00bb{}\u00a0\u00bb][et_pb_column type=\u00a0\u00bb4_4&Prime; _builder_version=\u00a0\u00bb4.27.0&Prime; _module_preset=\u00a0\u00bbdefault\u00a0\u00bb global_colors_info=\u00a0\u00bb{}\u00a0\u00bb][et_pb_image src=\u00a0\u00bbhttps:\/\/eadn-wc03-5903292.nxedge.io\/wp-content\/uploads\/2024\/09\/about-prem-grey-bkg-2.jpg\u00a0\u00bb title_text=\u00a0\u00bbabout-prem-grey-bkg-2&Prime; align=\u00a0\u00bbcenter\u00a0\u00bb _builder_version=\u00a0\u00bb4.27.0&Prime; _module_preset=\u00a0\u00bbdefault\u00a0\u00bb border_radii=\u00a0\u00bboff|13px|13px||\u00a0\u00bb global_colors_info=\u00a0\u00bb{}\u00a0\u00bb][\/et_pb_image][et_pb_text _builder_version=\u00a0\u00bb4.27.0&Prime; _module_preset=\u00a0\u00bbdefault\u00a0\u00bb header_font=\u00a0\u00bb|700|||||||\u00a0\u00bb header_text_align=\u00a0\u00bbcenter\u00a0\u00bb header_text_color=\u00a0\u00bb#FFFFFF\u00a0\u00bb background_color=\u00a0\u00bb#1565b7&Prime; width=\u00a0\u00bb350px\u00a0\u00bb width_tablet=\u00a0\u00bb300px\u00a0\u00bb width_phone=\u00a0\u00bb100%\u00a0\u00bb width_last_edited=\u00a0\u00bbon|phone\u00a0\u00bb module_alignment=\u00a0\u00bbleft\u00a0\u00bb custom_margin=\u00a0\u00bb-150px||||false|false\u00a0\u00bb custom_margin_tablet=\u00a0\u00bb-150px||||false|false\u00a0\u00bb custom_margin_phone=\u00a0\u00bb-30px||||false|false\u00a0\u00bb custom_margin_last_edited=\u00a0\u00bbon|tablet\u00a0\u00bb header_font_size_tablet=\u00a0\u00bb\u00a0\u00bb header_font_size_phone=\u00a0\u00bb24px\u00a0\u00bb header_font_size_last_edited=\u00a0\u00bbon|phone\u00a0\u00bb border_radii=\u00a0\u00bboff||13px|13px|\u00a0\u00bb border_radii_tablet=\u00a0\u00bboff||13px|13px|\u00a0\u00bb border_radii_phone=\u00a0\u00bboff||0px|0px|\u00a0\u00bb border_radii_last_edited=\u00a0\u00bbon|phone\u00a0\u00bb global_colors_info=\u00a0\u00bb{}\u00a0\u00bb]<\/p>\n<h1>Prem Rawat<\/h1>\n<p>[\/et_pb_text][et_pb_text _builder_version=\u00a0\u00bb4.27.0&Prime; _module_preset=\u00a0\u00bbdefault\u00a0\u00bb custom_margin=\u00a0\u00bb60px||||false|false\u00a0\u00bb custom_padding=\u00a0\u00bb|10%||10%|false|true\u00a0\u00bb global_colors_info=\u00a0\u00bb{}\u00a0\u00bb]<\/p>\n<h1 style=\"text-align: center;\">Une vie consacr\u00e9e \u00e0 la paix<\/h1>\n<p><\/p>\n<p style=\"text-align: center;\">Depuis pr\u00e8s de 60 ans, Prem Rawat porte un m\u00eame message de paix, quelles que soient la nationalit\u00e9, la religion ou la culture de celles et ceux auxquels il s\u2019adresse : la paix int\u00e9rieure est non seulement possible mais c\u2019est un droit humain. Avec clart\u00e9 et sagesse, il a touch\u00e9 des millions de gens dans plus de cent pays. <a href=\"https:\/\/www.premrawat.com\/fr\/globe-interactif\/\" target=\"_blank\" rel=\"noopener\">Lire ici<\/a>\u00a0la chronologie de ses interventions dans le monde.<\/p>\n<p>[\/et_pb_text][et_pb_text _builder_version=\u00a0\u00bb4.27.0&Prime; _module_preset=\u00a0\u00bbdefault\u00a0\u00bb text_text_color=\u00a0\u00bb#FFFFFF\u00a0\u00bb header_text_color=\u00a0\u00bb#FFFFFF\u00a0\u00bb header_3_text_color=\u00a0\u00bb#FFFFFF\u00a0\u00bb header_4_text_color=\u00a0\u00bb#FFFFFF\u00a0\u00bb background_color=\u00a0\u00bb#1565b7&Prime; custom_padding=\u00a0\u00bb3%|3%|3%|3%|true|true\u00a0\u00bb border_radii=\u00a0\u00bboff|||13px|13px\u00a0\u00bb global_colors_info=\u00a0\u00bb{}\u00a0\u00bb]<\/p>\n<h3 style=\"text-align: center;\"><em>\u00ab La paix est possible, elle commence en chacun de nous. \u00bb<\/em><\/h3>\n<p><\/p>\n<h4 style=\"text-align: center;\">\u2013 Prem Rawat<\/h4>\n<p>[\/et_pb_text][\/et_pb_column][\/et_pb_row][et_pb_row _builder_version=\u00a0\u00bb4.27.0&Prime; _module_preset=\u00a0\u00bbdefault\u00a0\u00bb global_colors_info=\u00a0\u00bb{}\u00a0\u00bb][et_pb_column type=\u00a0\u00bb4_4&Prime; _builder_version=\u00a0\u00bb4.27.0&Prime; _module_preset=\u00a0\u00bbdefault\u00a0\u00bb global_colors_info=\u00a0\u00bb{}\u00a0\u00bb][et_pb_text _builder_version=\u00a0\u00bb4.27.4&Prime; _module_preset=\u00a0\u00bbdefault\u00a0\u00bb hover_enabled=\u00a0\u00bb0&Prime; global_colors_info=\u00a0\u00bb{}\u00a0\u00bb sticky_enabled=\u00a0\u00bb0&Prime;]<\/p>\n<p>Prem Rawat a su rendre accessibles des v\u00e9rit\u00e9s intemporelles et universelles \u00e0 des personnes de tous milieux et de toutes origines. Son dernier livre,\u00a0<em>Hear Yourself<\/em>, a \u00e9t\u00e9 salu\u00e9 par la critique et a figur\u00e9 sur la liste des best-sellers du\u00a0<em>New York Times<\/em>\u00a0deux semaines apr\u00e8s sa sortie aux \u00c9tats-Unis. Publi\u00e9 au Seuil sous le titre\u00a0<em>Apprendre \u00e0 s\u2019\u00e9couter<\/em>, il a \u00e9t\u00e9 traduit en plusieurs langues, en espagnol, portugais, italien, allemand, grec et hindi. Prem Rawat est \u00e9galement l\u2019auteur de\u00a0<em>Peace is possible<\/em>\u00a0(\u201cQuand le d\u00e9sert fleurit\u201d, aux \u00e9ditions Leduc),\u00a0<em>The<\/em>\u00a0<em>Pot with the Hole\u00a0<\/em>et\u00a0<em>The Stonecutter<\/em>\u00a0(non encore traduits).<\/p>\n<p><\/p>\n<p>Souhaitant faciliter l\u2019acc\u00e8s \u00e0 ce qu\u2019il offre, Prem a con\u00e7u une s\u00e9rie de vid\u00e9os intitul\u00e9e \u201c<a href=\"https:\/\/www.premrawat.com\/fr\/le-peak-connais-toi-toi-meme\/\" target=\"_blank\" rel=\"noopener\">Paix, \u00c9ducation et Connaissance<\/a>\u201d (Peace Education and Knowledge, ou PEAK), un parcours \u00e0 la d\u00e9couverte de soi, gratuit et accessible sur l\u2019application\u00a0TimelessToday\u00ae<\/p>\n<p><\/p>\n<p>Il a \u00e9galement mis en place le\u00a0<a href=\"https:\/\/tprf.org\/fr\/programme-deducation-pour-la-paix\/\" target=\"_blank\" rel=\"noopener\">Programme d\u2019\u00e9ducation pour la paix (PEP),<\/a>\u00a0remarquablement bien accueilli dans plus de 80\u00a0pays, notamment dans les prisons, le secteur \u00e9ducatif, les \u00e9coles de police, les h\u00f4pitaux, les maisons de retraite, les instituts de soins palliatifs, les associations d\u2019anciens combattants, etc.<\/p>\n<p><\/p>\n<p>Plus r\u00e9cemment, Prem Rawat a d\u00e9velopp\u00e9 Intelligent Existence\u00ae, un atelier interactif ax\u00e9 autour de trois grands th\u00e8mes\u00a0:<\/p>\n<p><\/p>\n<p>1 \u2013 Se conna\u00eetre soi-m\u00eame\u00a0;<\/p>\n<p><\/p>\n<p>2 \u2013 Vivre plus consciemment\u00a0;<\/p>\n<p><\/p>\n<p>3 \u2013 Reconna\u00eetre la valeur de son existence.<\/p>\n<p><\/p>\n<p>En 2001, il cr\u00e9e la <a href=\"https:\/\/tprf.org\/fr\/\" target=\"_blank\" rel=\"noopener\">Fondation Prem Rawat<\/a> (TPRF) pour soutenir de nombreux projets caritatifs dans le monde, dont des dispensaires ophtalmologiques, l\u2019aide aux sinistr\u00e9s dans les situations d\u2019urgence, diff\u00e9rents programmes d\u2019aide alimentaire et des actions de sensibilisation pour la diffusion de son Programme d\u2019\u00e9ducation pour la paix.<\/p>\n<p><\/p>\n<p>Dans ses temps libres, il aime composer de la musique, faire de la photographie, conter des histoires et cuisiner. Mari\u00e9 \u00e0 Marolyn Johnson depuis 1974, Il a quatre enfants et quatre petits-enfants.<\/p>\n<p><\/p>\n<p>Si vous souhaitez envoyer un message \u00e0 Prem Rawat,\u00a0<a href=\"https:\/\/www.premrawat.com\/fr\/contact\/\" target=\"_blank\" rel=\"noopener\">cliquer ici<\/a>.<\/p>\n<p>[\/et_pb_text][\/et_pb_column][\/et_pb_row][\/et_pb_section]<\/p>\n","protected":false},"excerpt":{"rendered":"<p>Prem RawatUne vie consacr\u00e9e \u00e0 la paixDepuis pr\u00e8s de 60 ans, Prem Rawat porte un m\u00eame message de paix, quelles que soient la nationalit\u00e9, la religion ou la culture de celles et ceux auxquels il s\u2019adresse : la paix int\u00e9rieure est non seulement possible mais c\u2019est un droit humain. Avec clart\u00e9 et sagesse, il a [&hellip;]<\/p>\n","protected":false},"author":3,"featured_media":0,"parent":0,"menu_order":0,"comment_status":"closed","ping_status":"closed","template":"","meta":{"_et_pb_use_builder":"on","_et_pb_old_content":"","_et_gb_content_width":"","cybocfi_hide_featured_image":"","footnotes":""},"folder":[],"class_list":["post-43472","page","type-page","status-publish","hentry"],"yoast_head":"<!-- This site is optimized with the Yoast SEO plugin v27.3 - https:\/\/yoast.com\/product\/yoast-seo-wordpress\/ -->\n<title>Qui est Prem Rawat | Words of Peace<\/title>\n<meta name=\"robots\" content=\"index, follow, max-snippet:-1, max-image-preview:large, max-video-preview:-1\" \/>\n<link rel=\"canonical\" href=\"https:\/\/www.wopg.org\/fr\/qui-est-prem-rawat\/\" \/>\n<meta property=\"og:locale\" content=\"fr_FR\" \/>\n<meta property=\"og:type\" content=\"article\" \/>\n<meta property=\"og:title\" content=\"Qui est Prem Rawat | Words of Peace\" \/>\n<meta property=\"og:description\" content=\"Prem RawatUne vie consacr\u00e9e \u00e0 la paixDepuis pr\u00e8s de 60 ans, Prem Rawat porte un m\u00eame message de paix, quelles que soient la nationalit\u00e9, la religion ou la culture de celles et ceux auxquels il s\u2019adresse : la paix int\u00e9rieure est non seulement possible mais c\u2019est un droit humain. Avec clart\u00e9 et sagesse, il a [&hellip;]\" \/>\n<meta property=\"og:url\" content=\"https:\/\/www.wopg.org\/fr\/qui-est-prem-rawat\/\" \/>\n<meta property=\"og:site_name\" content=\"Words of Peace\" \/>\n<meta property=\"article:publisher\" content=\"https:\/\/www.facebook.com\/wordsofpeaceglobal\" \/>\n<meta property=\"article:modified_time\" content=\"2025-09-26T15:01:32+00:00\" \/>\n<meta name=\"twitter:card\" content=\"summary_large_image\" \/>\n<meta name=\"twitter:site\" content=\"@wopg\" \/>\n<meta name=\"twitter:label1\" content=\"Dur\u00e9e de lecture estim\u00e9e\" \/>\n\t<meta name=\"twitter:data1\" content=\"4 minutes\" \/>\n<script type=\"application\/ld+json\" class=\"yoast-schema-graph\">{\"@context\":\"https:\\\/\\\/schema.org\",\"@graph\":[{\"@type\":\"WebPage\",\"@id\":\"https:\\\/\\\/www.wopg.org\\\/fr\\\/qui-est-prem-rawat\\\/\",\"url\":\"https:\\\/\\\/www.wopg.org\\\/fr\\\/qui-est-prem-rawat\\\/\",\"name\":\"Qui est Prem Rawat | Words of Peace\",\"isPartOf\":{\"@id\":\"https:\\\/\\\/www.wopg.org\\\/fr\\\/#website\"},\"datePublished\":\"2025-08-26T13:27:09+00:00\",\"dateModified\":\"2025-09-26T15:01:32+00:00\",\"breadcrumb\":{\"@id\":\"https:\\\/\\\/www.wopg.org\\\/fr\\\/qui-est-prem-rawat\\\/#breadcrumb\"},\"inLanguage\":\"fr-FR\",\"potentialAction\":[{\"@type\":\"ReadAction\",\"target\":[\"https:\\\/\\\/www.wopg.org\\\/fr\\\/qui-est-prem-rawat\\\/\"]}]},{\"@type\":\"BreadcrumbList\",\"@id\":\"https:\\\/\\\/www.wopg.org\\\/fr\\\/qui-est-prem-rawat\\\/#breadcrumb\",\"itemListElement\":[{\"@type\":\"ListItem\",\"position\":1,\"name\":\"Home\",\"item\":\"https:\\\/\\\/www.wopg.org\\\/fr\\\/\"},{\"@type\":\"ListItem\",\"position\":2,\"name\":\"Qui est Prem Rawat\"}]},{\"@type\":\"WebSite\",\"@id\":\"https:\\\/\\\/www.wopg.org\\\/fr\\\/#website\",\"url\":\"https:\\\/\\\/www.wopg.org\\\/fr\\\/\",\"name\":\"Words of Peace\",\"description\":\"Practice Peace, Change Your World\",\"publisher\":{\"@id\":\"https:\\\/\\\/www.wopg.org\\\/fr\\\/#organization\"},\"potentialAction\":[{\"@type\":\"SearchAction\",\"target\":{\"@type\":\"EntryPoint\",\"urlTemplate\":\"https:\\\/\\\/www.wopg.org\\\/fr\\\/?s={search_term_string}\"},\"query-input\":{\"@type\":\"PropertyValueSpecification\",\"valueRequired\":true,\"valueName\":\"search_term_string\"}}],\"inLanguage\":\"fr-FR\"},{\"@type\":\"Organization\",\"@id\":\"https:\\\/\\\/www.wopg.org\\\/fr\\\/#organization\",\"name\":\"Words of Peace\",\"url\":\"https:\\\/\\\/www.wopg.org\\\/fr\\\/\",\"logo\":{\"@type\":\"ImageObject\",\"inLanguage\":\"fr-FR\",\"@id\":\"https:\\\/\\\/www.wopg.org\\\/fr\\\/#\\\/schema\\\/logo\\\/image\\\/\",\"url\":\"https:\\\/\\\/wopg.org\\\/wp-content\\\/uploads\\\/2022\\\/02\\\/Words-of-Peace-logo-website61x252.png\",\"contentUrl\":\"https:\\\/\\\/wopg.org\\\/wp-content\\\/uploads\\\/2022\\\/02\\\/Words-of-Peace-logo-website61x252.png\",\"width\":252,\"height\":61,\"caption\":\"Words of Peace\"},\"image\":{\"@id\":\"https:\\\/\\\/www.wopg.org\\\/fr\\\/#\\\/schema\\\/logo\\\/image\\\/\"},\"sameAs\":[\"https:\\\/\\\/www.facebook.com\\\/wordsofpeaceglobal\",\"https:\\\/\\\/x.com\\\/wopg\",\"https:\\\/\\\/www.instagram.com\\\/wopgofficial\\\/\"]}]}<\/script>\n<!-- \/ Yoast SEO plugin. -->","yoast_head_json":{"title":"Qui est Prem Rawat | Words of Peace","robots":{"index":"index","follow":"follow","max-snippet":"max-snippet:-1","max-image-preview":"max-image-preview:large","max-video-preview":"max-video-preview:-1"},"canonical":"https:\/\/www.wopg.org\/fr\/qui-est-prem-rawat\/","og_locale":"fr_FR","og_type":"article","og_title":"Qui est Prem Rawat | Words of Peace","og_description":"Prem RawatUne vie consacr\u00e9e \u00e0 la paixDepuis pr\u00e8s de 60 ans, Prem Rawat porte un m\u00eame message de paix, quelles que soient la nationalit\u00e9, la religion ou la culture de celles et ceux auxquels il s\u2019adresse : la paix int\u00e9rieure est non seulement possible mais c\u2019est un droit humain. Avec clart\u00e9 et sagesse, il a [&hellip;]","og_url":"https:\/\/www.wopg.org\/fr\/qui-est-prem-rawat\/","og_site_name":"Words of Peace","article_publisher":"https:\/\/www.facebook.com\/wordsofpeaceglobal","article_modified_time":"2025-09-26T15:01:32+00:00","twitter_card":"summary_large_image","twitter_site":"@wopg","twitter_misc":{"Dur\u00e9e de lecture estim\u00e9e":"4 minutes"},"schema":{"@context":"https:\/\/schema.org","@graph":[{"@type":"WebPage","@id":"https:\/\/www.wopg.org\/fr\/qui-est-prem-rawat\/","url":"https:\/\/www.wopg.org\/fr\/qui-est-prem-rawat\/","name":"Qui est Prem Rawat | Words of Peace","isPartOf":{"@id":"https:\/\/www.wopg.org\/fr\/#website"},"datePublished":"2025-08-26T13:27:09+00:00","dateModified":"2025-09-26T15:01:32+00:00","breadcrumb":{"@id":"https:\/\/www.wopg.org\/fr\/qui-est-prem-rawat\/#breadcrumb"},"inLanguage":"fr-FR","potentialAction":[{"@type":"ReadAction","target":["https:\/\/www.wopg.org\/fr\/qui-est-prem-rawat\/"]}]},{"@type":"BreadcrumbList","@id":"https:\/\/www.wopg.org\/fr\/qui-est-prem-rawat\/#breadcrumb","itemListElement":[{"@type":"ListItem","position":1,"name":"Home","item":"https:\/\/www.wopg.org\/fr\/"},{"@type":"ListItem","position":2,"name":"Qui est Prem Rawat"}]},{"@type":"WebSite","@id":"https:\/\/www.wopg.org\/fr\/#website","url":"https:\/\/www.wopg.org\/fr\/","name":"Words of Peace","description":"Practice Peace, Change Your World","publisher":{"@id":"https:\/\/www.wopg.org\/fr\/#organization"},"potentialAction":[{"@type":"SearchAction","target":{"@type":"EntryPoint","urlTemplate":"https:\/\/www.wopg.org\/fr\/?s={search_term_string}"},"query-input":{"@type":"PropertyValueSpecification","valueRequired":true,"valueName":"search_term_string"}}],"inLanguage":"fr-FR"},{"@type":"Organization","@id":"https:\/\/www.wopg.org\/fr\/#organization","name":"Words of Peace","url":"https:\/\/www.wopg.org\/fr\/","logo":{"@type":"ImageObject","inLanguage":"fr-FR","@id":"https:\/\/www.wopg.org\/fr\/#\/schema\/logo\/image\/","url":"https:\/\/wopg.org\/wp-content\/uploads\/2022\/02\/Words-of-Peace-logo-website61x252.png","contentUrl":"https:\/\/wopg.org\/wp-content\/uploads\/2022\/02\/Words-of-Peace-logo-website61x252.png","width":252,"height":61,"caption":"Words of Peace"},"image":{"@id":"https:\/\/www.wopg.org\/fr\/#\/schema\/logo\/image\/"},"sameAs":["https:\/\/www.facebook.com\/wordsofpeaceglobal","https:\/\/x.com\/wopg","https:\/\/www.instagram.com\/wopgofficial\/"]}]}},"_links":{"self":[{"href":"https:\/\/www.wopg.org\/fr\/wp-json\/wp\/v2\/pages\/43472","targetHints":{"allow":["GET"]}}],"collection":[{"href":"https:\/\/www.wopg.org\/fr\/wp-json\/wp\/v2\/pages"}],"about":[{"href":"https:\/\/www.wopg.org\/fr\/wp-json\/wp\/v2\/types\/page"}],"author":[{"embeddable":true,"href":"https:\/\/www.wopg.org\/fr\/wp-json\/wp\/v2\/users\/3"}],"replies":[{"embeddable":true,"href":"https:\/\/www.wopg.org\/fr\/wp-json\/wp\/v2\/comments?post=43472"}],"version-history":[{"count":13,"href":"https:\/\/www.wopg.org\/fr\/wp-json\/wp\/v2\/pages\/43472\/revisions"}],"predecessor-version":[{"id":43633,"href":"https:\/\/www.wopg.org\/fr\/wp-json\/wp\/v2\/pages\/43472\/revisions\/43633"}],"wp:attachment":[{"href":"https:\/\/www.wopg.org\/fr\/wp-json\/wp\/v2\/media?parent=43472"}],"wp:term":[{"taxonomy":"folder","embeddable":true,"href":"https:\/\/www.wopg.org\/fr\/wp-json\/wp\/v2\/folder?post=43472"}],"curies":[{"name":"wp","href":"https:\/\/api.w.org\/{rel}","templated":true}]}}