{"id":43469,"date":"2025-08-26T13:24:42","date_gmt":"2025-08-26T13:24:42","guid":{"rendered":"https:\/\/www.wopg.org\/chi-e-prem-rawat\/"},"modified":"2025-08-29T18:05:20","modified_gmt":"2025-08-29T18:05:20","slug":"chi-e-prem-rawat","status":"publish","type":"page","link":"https:\/\/www.wopg.org\/it\/chi-e-prem-rawat\/","title":{"rendered":"Chi \u00e9 Prem Rawat"},"content":{"rendered":"<p>[et_pb_section fb_built=&#8221;1&#8243; _builder_version=&#8221;4.27.0&#8243; _module_preset=&#8221;default&#8221; custom_padding=&#8221;0px||||false|false&#8221; global_colors_info=&#8221;{}&#8221;][et_pb_row _builder_version=&#8221;4.27.0&#8243; _module_preset=&#8221;default&#8221; width=&#8221;100%&#8221; global_colors_info=&#8221;{}&#8221;][et_pb_column type=&#8221;4_4&#8243; _builder_version=&#8221;4.27.0&#8243; _module_preset=&#8221;default&#8221; global_colors_info=&#8221;{}&#8221;][et_pb_image src=&#8221;https:\/\/eadn-wc03-5903292.nxedge.io\/wp-content\/uploads\/2024\/09\/about-prem-grey-bkg-2.jpg&#8221; title_text=&#8221;about-prem-grey-bkg-2&#8243; align=&#8221;center&#8221; _builder_version=&#8221;4.27.0&#8243; _module_preset=&#8221;default&#8221; border_radii=&#8221;off|13px|13px||&#8221; global_colors_info=&#8221;{}&#8221;][\/et_pb_image][et_pb_text _builder_version=&#8221;4.27.0&#8243; _module_preset=&#8221;default&#8221; header_font=&#8221;|700|||||||&#8221; header_text_align=&#8221;center&#8221; header_text_color=&#8221;#FFFFFF&#8221; background_color=&#8221;#1565b7&#8243; width=&#8221;350px&#8221; width_tablet=&#8221;300px&#8221; width_phone=&#8221;100%&#8221; width_last_edited=&#8221;on|phone&#8221; module_alignment=&#8221;left&#8221; custom_margin=&#8221;-150px||||false|false&#8221; custom_margin_tablet=&#8221;-150px||||false|false&#8221; custom_margin_phone=&#8221;-30px||||false|false&#8221; custom_margin_last_edited=&#8221;on|tablet&#8221; header_font_size_tablet=&#8221;&#8221; header_font_size_phone=&#8221;24px&#8221; header_font_size_last_edited=&#8221;on|phone&#8221; border_radii=&#8221;off||13px|13px|&#8221; border_radii_tablet=&#8221;off||13px|13px|&#8221; border_radii_phone=&#8221;off||0px|0px|&#8221; border_radii_last_edited=&#8221;on|phone&#8221; global_colors_info=&#8221;{}&#8221;]<\/p>\n<h1>Prem Rawat<\/h1>\n<p>[\/et_pb_text][et_pb_text _builder_version=&#8221;4.27.0&#8243; _module_preset=&#8221;default&#8221; custom_margin=&#8221;60px||||false|false&#8221; custom_padding=&#8221;|10%||10%|false|true&#8221; global_colors_info=&#8221;{}&#8221;]<\/p>\n<h1 style=\"text-align: center;\">Una vita intera dedicata alla pace<\/h1>\n<p style=\"text-align: center;\">Da oltre cinquant\u2019anni Prem Rawat si rivolge a persone di ogni nazionalit\u00e0, religione e condizione di vita, affermando che la pace interiore non solo \u00e8 possibile, ma \u00e8 un diritto naturale dell\u2019essere umano. Grazie al suo grande impegno, alla sua capacit\u00e0 comunicativa e alla profondit\u00e0 del suo messaggio, ha saputo coinvolgere centinaia di milioni di persone in oltre cento paesi del mondo.\u00a0<a href=\"https:\/\/www.premrawat.com\/it\/globo-interattivo\/\" target=\"_blank\" rel=\"noopener\">Clicca qui<\/a>\u00a0per accedere a una cronologia interattiva delle sue attivit\u00e0 nel mondo.<\/p>\n<p>[\/et_pb_text][et_pb_text _builder_version=&#8221;4.27.0&#8243; _module_preset=&#8221;default&#8221; text_text_color=&#8221;#FFFFFF&#8221; header_text_color=&#8221;#FFFFFF&#8221; header_3_text_color=&#8221;#FFFFFF&#8221; header_4_text_color=&#8221;#FFFFFF&#8221; background_color=&#8221;#1565b7&#8243; custom_padding=&#8221;3%|3%|3%|3%|true|true&#8221; border_radii=&#8221;off|||13px|13px&#8221; global_colors_info=&#8221;{}&#8221;]<\/p>\n<h3 style=\"text-align: center;\"><em>\u201cLa pace \u00e8 possibile e inizia da ciascuno di noi.\u201c<\/em><\/h3>\n<h4 style=\"text-align: center;\">\u2013 Prem Rawat<\/h4>\n<p>[\/et_pb_text][\/et_pb_column][\/et_pb_row][et_pb_row _builder_version=&#8221;4.27.0&#8243; _module_preset=&#8221;default&#8221; global_colors_info=&#8221;{}&#8221;][et_pb_column type=&#8221;4_4&#8243; _builder_version=&#8221;4.27.0&#8243; _module_preset=&#8221;default&#8221; global_colors_info=&#8221;{}&#8221;][et_pb_text _builder_version=&#8221;4.27.4&#8243; _module_preset=&#8221;default&#8221; hover_enabled=&#8221;0&#8243; global_colors_info=&#8221;{}&#8221; sticky_enabled=&#8221;0&#8243;]<\/p>\n<p>Come autore di best seller, Prem Rawat ha saputo rendere accessibili a un pubblico moderno delle verit\u00e0 universali e senza tempo. Il suo ultimo libro, Hear Yourself (Impara ad ascoltarti), dopo la pubblicazione il 14 settembre ha ricevuto ottime recensioni e dopo due sole settimane ha fatto il suo ingresso nella classifica dei libri di saggistica pi\u00f9 venduti del New York Times. Finora il libro \u00e8 stato pubblicato anche in spagnolo (Esc\u00fachate), francese (Apprendre \u00e0 s\u2019\u00e9couter), italiano (Impara ad ascoltarti) e portoghese (Ouve A Tua Voz).<\/p>\n<p>Altre\u00a0pubblicazioni di Prem\u00a0sono: \u201cQuando il deserto fiorisce\u201d (precedentemente intitolato \u201cCentrare il bersaglio\u201d), \u201cIl secchio forato\u201d e \u201cIl tagliapietre\u201d.<\/p>\n<p>Sempre alla ricerca di metodi innovativi per comunicare il suo messaggio, Prem ha creato il\u00a0<a href=\"https:\/\/www.premrawat.com\/it\/peak-conosci-te-stesso\/\" target=\"_blank\" rel=\"noopener\">(PEAK)<\/a>\u00a0\u2013 Peace Education and Knowledge (Educazione alla Pace e Conoscenza), un corso multimediale online, accessibile gratuitamente sulla piattaforma\u00a0TimelessToday\u00a0e finalizzato alla conoscenza di s\u00e9 stessi.<\/p>\n<p>Un altro strumento che permette a Prem Rawat di comunicare il suo messaggio \u00e8 il\u00a0<a href=\"https:\/\/tprf.org\/it\/peace-education-program-4\/\" target=\"_blank\" rel=\"noopener\">Programma di Educazione alla Pace (PEP)<\/a>, che ha ricevuto accoglienza favorevole in carceri, scuole, accademie di polizia, ospedali, case di cura, case di riposo e centri per reduci di guerra in oltre ottanta paesi.<\/p>\n<p>Pi\u00f9 di recente Prem ha aggiunto un\u2019altra tessera al mosaico:\u00a0Intelligent Existence, un corso di formazione incentrato su tre argomenti chiave:<\/p>\n<ol>\n<li aria-level=\"1\">Conosci te stesso<\/li>\n<li aria-level=\"1\">Vivi in modo consapevole<\/li>\n<li aria-level=\"1\">Abbi il cuore pieno di gratitudine<\/li>\n<\/ol>\n<p>Prem \u00e8 molto attivo anche in campo umanitario.\u00a0<a href=\"https:\/\/tprf.org\/it\/\" target=\"_blank\" rel=\"noopener\">La Fondazione Prem Rawat<\/a>\u00a0(TPRF), istituita nel 2001, sostiene varie attivit\u00e0 filantropiche in tutto il mondo, tra cui aiuti per le vittime di calamit\u00e0 naturali, ambulatori oculistici itineranti, distribuzione di viveri e la diffusione del Programma di Educazione alla Pace.<\/p>\n<p>Prem \u00e8 anche un abile pilota che ha accumulato oltre 14.000 ore di volo, sempre al servizio del suo impegno totalizzante: rendere accessibile il suo messaggio al maggior numero possibile di persone. I suoi svaghi sono: comporre musica, cucinare, restaurare vecchie auto, scrivere e fotografare. Quanto alla vita privata, \u00e8 sposato con Marolyn Johnson dal 1974, \u00e8 padre di quattro figli e nonno di quattro nipoti.<\/p>\n<p><a href=\"https:\/\/www.premrawat.com\/it\/contatti\/\" target=\"_blank\" rel=\"noopener\">Se desideri mandare un messaggio a Prem clicca qui.<\/a><\/p>\n<p>[\/et_pb_text][\/et_pb_column][\/et_pb_row][\/et_pb_section]<\/p>\n","protected":false},"excerpt":{"rendered":"<p>Prem RawatUna vita intera dedicata alla pace Da oltre cinquant\u2019anni Prem Rawat si rivolge a persone di ogni nazionalit\u00e0, religione e condizione di vita, affermando che la pace interiore non solo \u00e8 possibile, ma \u00e8 un diritto naturale dell\u2019essere umano. Grazie al suo grande impegno, alla sua capacit\u00e0 comunicativa e alla profondit\u00e0 del suo messaggio, [&hellip;]<\/p>\n","protected":false},"author":3,"featured_media":0,"parent":0,"menu_order":0,"comment_status":"closed","ping_status":"closed","template":"","meta":{"_et_pb_use_builder":"on","_et_pb_old_content":"","_et_gb_content_width":"","cybocfi_hide_featured_image":"","footnotes":""},"folder":[],"class_list":["post-43469","page","type-page","status-publish","hentry"],"yoast_head":"<!-- This site is optimized with the Yoast SEO plugin v27.3 - https:\/\/yoast.com\/product\/yoast-seo-wordpress\/ -->\n<title>Chi \u00e9 Prem Rawat | Words of Peace<\/title>\n<meta name=\"robots\" content=\"index, follow, max-snippet:-1, max-image-preview:large, max-video-preview:-1\" \/>\n<link rel=\"canonical\" href=\"https:\/\/www.wopg.org\/it\/chi-e-prem-rawat\/\" \/>\n<meta property=\"og:locale\" content=\"it_IT\" \/>\n<meta property=\"og:type\" content=\"article\" \/>\n<meta property=\"og:title\" content=\"Chi \u00e9 Prem Rawat | Words of Peace\" \/>\n<meta property=\"og:description\" content=\"Prem RawatUna vita intera dedicata alla pace Da oltre cinquant\u2019anni Prem Rawat si rivolge a persone di ogni nazionalit\u00e0, religione e condizione di vita, affermando che la pace interiore non solo \u00e8 possibile, ma \u00e8 un diritto naturale dell\u2019essere umano. Grazie al suo grande impegno, alla sua capacit\u00e0 comunicativa e alla profondit\u00e0 del suo messaggio, [&hellip;]\" \/>\n<meta property=\"og:url\" content=\"https:\/\/www.wopg.org\/it\/chi-e-prem-rawat\/\" \/>\n<meta property=\"og:site_name\" content=\"Words of Peace\" \/>\n<meta property=\"article:publisher\" content=\"https:\/\/www.facebook.com\/wordsofpeaceglobal\" \/>\n<meta property=\"article:modified_time\" content=\"2025-08-29T18:05:20+00:00\" \/>\n<meta name=\"twitter:card\" content=\"summary_large_image\" \/>\n<meta name=\"twitter:site\" content=\"@wopg\" \/>\n<meta name=\"twitter:label1\" content=\"Tempo di lettura stimato\" \/>\n\t<meta name=\"twitter:data1\" content=\"4 minuti\" \/>\n<script type=\"application\/ld+json\" class=\"yoast-schema-graph\">{\"@context\":\"https:\\\/\\\/schema.org\",\"@graph\":[{\"@type\":\"WebPage\",\"@id\":\"https:\\\/\\\/www.wopg.org\\\/it\\\/chi-e-prem-rawat\\\/\",\"url\":\"https:\\\/\\\/www.wopg.org\\\/it\\\/chi-e-prem-rawat\\\/\",\"name\":\"Chi \u00e9 Prem Rawat | Words of Peace\",\"isPartOf\":{\"@id\":\"https:\\\/\\\/www.wopg.org\\\/it\\\/#website\"},\"datePublished\":\"2025-08-26T13:24:42+00:00\",\"dateModified\":\"2025-08-29T18:05:20+00:00\",\"breadcrumb\":{\"@id\":\"https:\\\/\\\/www.wopg.org\\\/it\\\/chi-e-prem-rawat\\\/#breadcrumb\"},\"inLanguage\":\"it-IT\",\"potentialAction\":[{\"@type\":\"ReadAction\",\"target\":[\"https:\\\/\\\/www.wopg.org\\\/it\\\/chi-e-prem-rawat\\\/\"]}]},{\"@type\":\"BreadcrumbList\",\"@id\":\"https:\\\/\\\/www.wopg.org\\\/it\\\/chi-e-prem-rawat\\\/#breadcrumb\",\"itemListElement\":[{\"@type\":\"ListItem\",\"position\":1,\"name\":\"Home\",\"item\":\"https:\\\/\\\/www.wopg.org\\\/it\\\/\"},{\"@type\":\"ListItem\",\"position\":2,\"name\":\"Chi \u00e9 Prem Rawat\"}]},{\"@type\":\"WebSite\",\"@id\":\"https:\\\/\\\/www.wopg.org\\\/it\\\/#website\",\"url\":\"https:\\\/\\\/www.wopg.org\\\/it\\\/\",\"name\":\"Words of Peace\",\"description\":\"Practice Peace, Change Your World\",\"publisher\":{\"@id\":\"https:\\\/\\\/www.wopg.org\\\/it\\\/#organization\"},\"potentialAction\":[{\"@type\":\"SearchAction\",\"target\":{\"@type\":\"EntryPoint\",\"urlTemplate\":\"https:\\\/\\\/www.wopg.org\\\/it\\\/?s={search_term_string}\"},\"query-input\":{\"@type\":\"PropertyValueSpecification\",\"valueRequired\":true,\"valueName\":\"search_term_string\"}}],\"inLanguage\":\"it-IT\"},{\"@type\":\"Organization\",\"@id\":\"https:\\\/\\\/www.wopg.org\\\/it\\\/#organization\",\"name\":\"Words of Peace\",\"url\":\"https:\\\/\\\/www.wopg.org\\\/it\\\/\",\"logo\":{\"@type\":\"ImageObject\",\"inLanguage\":\"it-IT\",\"@id\":\"https:\\\/\\\/www.wopg.org\\\/it\\\/#\\\/schema\\\/logo\\\/image\\\/\",\"url\":\"https:\\\/\\\/wopg.org\\\/wp-content\\\/uploads\\\/2022\\\/02\\\/Words-of-Peace-logo-website61x252.png\",\"contentUrl\":\"https:\\\/\\\/wopg.org\\\/wp-content\\\/uploads\\\/2022\\\/02\\\/Words-of-Peace-logo-website61x252.png\",\"width\":252,\"height\":61,\"caption\":\"Words of Peace\"},\"image\":{\"@id\":\"https:\\\/\\\/www.wopg.org\\\/it\\\/#\\\/schema\\\/logo\\\/image\\\/\"},\"sameAs\":[\"https:\\\/\\\/www.facebook.com\\\/wordsofpeaceglobal\",\"https:\\\/\\\/x.com\\\/wopg\",\"https:\\\/\\\/www.instagram.com\\\/wopgofficial\\\/\"]}]}<\/script>\n<!-- \/ Yoast SEO plugin. -->","yoast_head_json":{"title":"Chi \u00e9 Prem Rawat | Words of Peace","robots":{"index":"index","follow":"follow","max-snippet":"max-snippet:-1","max-image-preview":"max-image-preview:large","max-video-preview":"max-video-preview:-1"},"canonical":"https:\/\/www.wopg.org\/it\/chi-e-prem-rawat\/","og_locale":"it_IT","og_type":"article","og_title":"Chi \u00e9 Prem Rawat | Words of Peace","og_description":"Prem RawatUna vita intera dedicata alla pace Da oltre cinquant\u2019anni Prem Rawat si rivolge a persone di ogni nazionalit\u00e0, religione e condizione di vita, affermando che la pace interiore non solo \u00e8 possibile, ma \u00e8 un diritto naturale dell\u2019essere umano. Grazie al suo grande impegno, alla sua capacit\u00e0 comunicativa e alla profondit\u00e0 del suo messaggio, [&hellip;]","og_url":"https:\/\/www.wopg.org\/it\/chi-e-prem-rawat\/","og_site_name":"Words of Peace","article_publisher":"https:\/\/www.facebook.com\/wordsofpeaceglobal","article_modified_time":"2025-08-29T18:05:20+00:00","twitter_card":"summary_large_image","twitter_site":"@wopg","twitter_misc":{"Tempo di lettura stimato":"4 minuti"},"schema":{"@context":"https:\/\/schema.org","@graph":[{"@type":"WebPage","@id":"https:\/\/www.wopg.org\/it\/chi-e-prem-rawat\/","url":"https:\/\/www.wopg.org\/it\/chi-e-prem-rawat\/","name":"Chi \u00e9 Prem Rawat | Words of Peace","isPartOf":{"@id":"https:\/\/www.wopg.org\/it\/#website"},"datePublished":"2025-08-26T13:24:42+00:00","dateModified":"2025-08-29T18:05:20+00:00","breadcrumb":{"@id":"https:\/\/www.wopg.org\/it\/chi-e-prem-rawat\/#breadcrumb"},"inLanguage":"it-IT","potentialAction":[{"@type":"ReadAction","target":["https:\/\/www.wopg.org\/it\/chi-e-prem-rawat\/"]}]},{"@type":"BreadcrumbList","@id":"https:\/\/www.wopg.org\/it\/chi-e-prem-rawat\/#breadcrumb","itemListElement":[{"@type":"ListItem","position":1,"name":"Home","item":"https:\/\/www.wopg.org\/it\/"},{"@type":"ListItem","position":2,"name":"Chi \u00e9 Prem Rawat"}]},{"@type":"WebSite","@id":"https:\/\/www.wopg.org\/it\/#website","url":"https:\/\/www.wopg.org\/it\/","name":"Words of Peace","description":"Practice Peace, Change Your World","publisher":{"@id":"https:\/\/www.wopg.org\/it\/#organization"},"potentialAction":[{"@type":"SearchAction","target":{"@type":"EntryPoint","urlTemplate":"https:\/\/www.wopg.org\/it\/?s={search_term_string}"},"query-input":{"@type":"PropertyValueSpecification","valueRequired":true,"valueName":"search_term_string"}}],"inLanguage":"it-IT"},{"@type":"Organization","@id":"https:\/\/www.wopg.org\/it\/#organization","name":"Words of Peace","url":"https:\/\/www.wopg.org\/it\/","logo":{"@type":"ImageObject","inLanguage":"it-IT","@id":"https:\/\/www.wopg.org\/it\/#\/schema\/logo\/image\/","url":"https:\/\/wopg.org\/wp-content\/uploads\/2022\/02\/Words-of-Peace-logo-website61x252.png","contentUrl":"https:\/\/wopg.org\/wp-content\/uploads\/2022\/02\/Words-of-Peace-logo-website61x252.png","width":252,"height":61,"caption":"Words of Peace"},"image":{"@id":"https:\/\/www.wopg.org\/it\/#\/schema\/logo\/image\/"},"sameAs":["https:\/\/www.facebook.com\/wordsofpeaceglobal","https:\/\/x.com\/wopg","https:\/\/www.instagram.com\/wopgofficial\/"]}]}},"_links":{"self":[{"href":"https:\/\/www.wopg.org\/it\/wp-json\/wp\/v2\/pages\/43469","targetHints":{"allow":["GET"]}}],"collection":[{"href":"https:\/\/www.wopg.org\/it\/wp-json\/wp\/v2\/pages"}],"about":[{"href":"https:\/\/www.wopg.org\/it\/wp-json\/wp\/v2\/types\/page"}],"author":[{"embeddable":true,"href":"https:\/\/www.wopg.org\/it\/wp-json\/wp\/v2\/users\/3"}],"replies":[{"embeddable":true,"href":"https:\/\/www.wopg.org\/it\/wp-json\/wp\/v2\/comments?post=43469"}],"version-history":[{"count":7,"href":"https:\/\/www.wopg.org\/it\/wp-json\/wp\/v2\/pages\/43469\/revisions"}],"predecessor-version":[{"id":43503,"href":"https:\/\/www.wopg.org\/it\/wp-json\/wp\/v2\/pages\/43469\/revisions\/43503"}],"wp:attachment":[{"href":"https:\/\/www.wopg.org\/it\/wp-json\/wp\/v2\/media?parent=43469"}],"wp:term":[{"taxonomy":"folder","embeddable":true,"href":"https:\/\/www.wopg.org\/it\/wp-json\/wp\/v2\/folder?post=43469"}],"curies":[{"name":"wp","href":"https:\/\/api.w.org\/{rel}","templated":true}]}}